{"id":6065,"date":"2025-05-22T15:44:47","date_gmt":"2025-05-22T13:44:47","guid":{"rendered":"https:\/\/dev.jfm-audit.com\/epoque-gestion\/_bien\/lp099-company38477xpe-immobilier-professionnel-a-louer-les-clayes-sous-bois\/"},"modified":"2025-05-22T15:45:00","modified_gmt":"2025-05-22T13:45:00","slug":"immobilier-professionnel-a-louer-les-clayes-sous-bois","status":"publish","type":"_bien","link":"https:\/\/dev.jfm-audit.com\/epoque-gestion\/_bien\/immobilier-professionnel-a-louer-les-clayes-sous-bois\/","title":{"rendered":"Immobilier Professionnel \u00e0 louer Les Clayes-sous-Bois"},"content":{"rendered":"<p>D\u00e9couvrez ce local commercial exceptionnel, id\u00e9al pour concr\u00e9tiser vos ambitions professionnelles. Avec une superficie totale de 258 m\u00b2, ce bien offre 166 m\u00b2 de surface commerciale au rez-de-chauss\u00e9e, baign\u00e9e de lumi\u00e8re naturelle, et 95 m\u00b2 de r\u00e9serves pour un stockage optimal. Libre de toute occupation, cet espace est pr\u00eat \u00e0 accueillir votre activit\u00e9 et \u00e0 se transformer selon vos besoins.<\/p>\n<p>Imaginez-vous dans un cadre moderne et fonctionnel, o\u00f9 chaque d\u00e9tail a \u00e9t\u00e9 pens\u00e9 pour maximiser votre efficacit\u00e9 et votre confort. Ce local commercial est bien plus qu&rsquo;un simple espace de travail : c&rsquo;est un v\u00e9ritable investissement pour l&rsquo;avenir, un lieu o\u00f9 vous pourrez d\u00e9velopper votre activit\u00e9 dans des conditions id\u00e9ales.<\/p>\n<p>Les possibilit\u00e9s sont infinies : un magasin de d\u00e9tail, un bureau professionnel, un espace de coworking, ou m\u00eame un restaurant convivial. Ne manquez pas cette opportunit\u00e9 unique de donner vie \u00e0 votre projet professionnel dans un cadre exceptionnel.<\/p>\n<p>\u00c0 proximit\u00e9, vous trouverez tout ce dont vous avez besoin pour votre quotidien et celui de vos employ\u00e9s. En seulement 5 min \u00e0 pied, vous aurez acc\u00e8s \u00e0 plusieurs arr\u00eats de bus, \u00e0 une \u00e9cole \u00e9l\u00e9mentaire, \u00e0 plusieurs commerces d&rsquo;alimentation g\u00e9n\u00e9rale, \u00e0 plusieurs restaurants, et \u00e0 plusieurs m\u00e9decins g\u00e9n\u00e9ralistes. En 15 min \u00e0 pied, vous pourrez acc\u00e9der \u00e0 plusieurs cr\u00e8ches et maternelles. En 5 min en voiture, vous pourrez rejoindre plusieurs parcs et jardins ainsi que deux coll\u00e8ges.<\/p>\n<p>Provision sur charges 400 \u20ac\/mois, r\u00e9gularisation annuelle. D\u00e9p\u00f4t de garantie 6 630 \u20ac. Classe \u00e9nergie E, Classe climat E. Les informations sur les risques auxquels ce bien est expos\u00e9 sont disponibles sur le site G\u00e9orisques : georisques.gouv.fr. <\/p>\n","protected":false},"featured_media":6001,"template":"","_type-de-bien":[89],"_categorie-de-loffre":[64],"_ville":[90],"_chambret":[],"_piecet":[91],"_exclusivite":[],"class_list":["post-6065","_bien","type-_bien","status-publish","has-post-thumbnail","hentry","_type-de-bien-immobilier-pro","_categorie-de-loffre-location","_ville-les-clayes-sous-bois"],"_links":{"self":[{"href":"https:\/\/dev.jfm-audit.com\/epoque-gestion\/wp-json\/wp\/v2\/_bien\/6065","targetHints":{"allow":["GET"]}}],"collection":[{"href":"https:\/\/dev.jfm-audit.com\/epoque-gestion\/wp-json\/wp\/v2\/_bien"}],"about":[{"href":"https:\/\/dev.jfm-audit.com\/epoque-gestion\/wp-json\/wp\/v2\/types\/_bien"}],"wp:featuredmedia":[{"embeddable":true,"href":"https:\/\/dev.jfm-audit.com\/epoque-gestion\/wp-json\/wp\/v2\/media\/6001"}],"wp:attachment":[{"href":"https:\/\/dev.jfm-audit.com\/epoque-gestion\/wp-json\/wp\/v2\/media?parent=6065"}],"wp:term":[{"taxonomy":"_type-de-bien","embeddable":true,"href":"https:\/\/dev.jfm-audit.com\/epoque-gestion\/wp-json\/wp\/v2\/_type-de-bien?post=6065"},{"taxonomy":"_categorie-de-loffre","embeddable":true,"href":"https:\/\/dev.jfm-audit.com\/epoque-gestion\/wp-json\/wp\/v2\/_categorie-de-loffre?post=6065"},{"taxonomy":"_ville","embeddable":true,"href":"https:\/\/dev.jfm-audit.com\/epoque-gestion\/wp-json\/wp\/v2\/_ville?post=6065"},{"taxonomy":"_chambret","embeddable":true,"href":"https:\/\/dev.jfm-audit.com\/epoque-gestion\/wp-json\/wp\/v2\/_chambret?post=6065"},{"taxonomy":"_piecet","embeddable":true,"href":"https:\/\/dev.jfm-audit.com\/epoque-gestion\/wp-json\/wp\/v2\/_piecet?post=6065"},{"taxonomy":"_exclusivite","embeddable":true,"href":"https:\/\/dev.jfm-audit.com\/epoque-gestion\/wp-json\/wp\/v2\/_exclusivite?post=6065"}],"curies":[{"name":"wp","href":"https:\/\/api.w.org\/{rel}","templated":true}]}}