{"id":6543,"date":"2025-09-17T12:11:22","date_gmt":"2025-09-17T10:11:22","guid":{"rendered":"https:\/\/dev.jfm-audit.com\/epoque-gestion\/_bien\/appartement-familial-avec-jardin-2\/"},"modified":"2025-09-17T12:11:22","modified_gmt":"2025-09-17T10:11:22","slug":"appartement-familial-avec-jardin-2","status":"publish","type":"_bien","link":"https:\/\/dev.jfm-audit.com\/epoque-gestion\/_bien\/appartement-familial-avec-jardin-2\/","title":{"rendered":"Appartement familial avec jardin"},"content":{"rendered":"<p>Au sein d&rsquo;une r\u00e9sidence familiale et verdoyante avec piscine et tennis, cet appartement familial de 7 pi\u00e8ces de 129 m\u00b2 vous offrira un cadre de vie tr\u00e8s agr\u00e9able avec son jardin au calme et sans vis-\u00e0-vis. Il se compose d&rsquo;une entr\u00e9e, un double s\u00e9jour traversant de plus de 40m\u00b2 donnant acc\u00e8s \u00e0 une grande terrasse de 35 m\u00b2 et au jardin avec vue sur la for\u00eat, une cuisine (pouvant \u00eatre ouverte sur le s\u00e9jour), un bureau (chambre possible), 4 chambres sur jardin, 1 salle de bain, 1 salle d&rsquo;eau et 2 WC s\u00e9par\u00e9s, rangements. 2 caves compl\u00e8tent ce bien. Box en option \u00e0 proximit\u00e9 dans la r\u00e9sidence. Appartement avec 2 entr\u00e9es avec possibilit\u00e9 de division. Travaux de r\u00e9novation \u00e0 pr\u00e9voir.Toutes les commodit\u00e9s sont sur place (boulangerie, supermarch\u00e9, pharmacie..), Ecole Morel de Vind\u00e9 et Ecole Internationale Bilingue \u00e0 5 minutes \u00e0 pied. Bus 27 pour Gare de la Celle Saint Cloud ou gare de Rueil Malmaison devant la r\u00e9sidence. Acc\u00e8s rapide A86\/A13.<\/p>\n<p>Honoraires inclus de  5%  \u00e0 la charge de l&rsquo;acqu\u00e9reur. Prix hors honoraires 430 000 \u20ac. Dans une copropri\u00e9t\u00e9 de 550 lots. Quote-part moyenne du budget pr\u00e9visionnel 7 773 \u20ac\/an. Aucune proc\u00e9dure n&rsquo;est en cours. Classe \u00e9nergie D, Classe climat D Montant moyen estim\u00e9 des d\u00e9penses annuelles d&rsquo;\u00e9nergie pour un usage standard, \u00e9tabli \u00e0 partir des prix de l&rsquo;\u00e9nergie de l&rsquo;ann\u00e9e 2021 : entre 1380.00 et 1910.00 \u20ac. Les informations sur les risques auxquels ce bien est expos\u00e9 sont disponibles sur le site G\u00e9orisques : georisques.gouv.fr. <\/p>\n","protected":false},"featured_media":6544,"template":"","_type-de-bien":[58],"_categorie-de-loffre":[59],"_ville":[60],"_chambret":[72],"_piecet":[73],"_exclusivite":[],"class_list":["post-6543","_bien","type-_bien","status-publish","has-post-thumbnail","hentry","_type-de-bien-appartement","_categorie-de-loffre-vente","_ville-la-celle-saint-cloud","_chambret-72","_piecet-73"],"_links":{"self":[{"href":"https:\/\/dev.jfm-audit.com\/epoque-gestion\/wp-json\/wp\/v2\/_bien\/6543","targetHints":{"allow":["GET"]}}],"collection":[{"href":"https:\/\/dev.jfm-audit.com\/epoque-gestion\/wp-json\/wp\/v2\/_bien"}],"about":[{"href":"https:\/\/dev.jfm-audit.com\/epoque-gestion\/wp-json\/wp\/v2\/types\/_bien"}],"wp:featuredmedia":[{"embeddable":true,"href":"https:\/\/dev.jfm-audit.com\/epoque-gestion\/wp-json\/wp\/v2\/media\/6544"}],"wp:attachment":[{"href":"https:\/\/dev.jfm-audit.com\/epoque-gestion\/wp-json\/wp\/v2\/media?parent=6543"}],"wp:term":[{"taxonomy":"_type-de-bien","embeddable":true,"href":"https:\/\/dev.jfm-audit.com\/epoque-gestion\/wp-json\/wp\/v2\/_type-de-bien?post=6543"},{"taxonomy":"_categorie-de-loffre","embeddable":true,"href":"https:\/\/dev.jfm-audit.com\/epoque-gestion\/wp-json\/wp\/v2\/_categorie-de-loffre?post=6543"},{"taxonomy":"_ville","embeddable":true,"href":"https:\/\/dev.jfm-audit.com\/epoque-gestion\/wp-json\/wp\/v2\/_ville?post=6543"},{"taxonomy":"_chambret","embeddable":true,"href":"https:\/\/dev.jfm-audit.com\/epoque-gestion\/wp-json\/wp\/v2\/_chambret?post=6543"},{"taxonomy":"_piecet","embeddable":true,"href":"https:\/\/dev.jfm-audit.com\/epoque-gestion\/wp-json\/wp\/v2\/_piecet?post=6543"},{"taxonomy":"_exclusivite","embeddable":true,"href":"https:\/\/dev.jfm-audit.com\/epoque-gestion\/wp-json\/wp\/v2\/_exclusivite?post=6543"}],"curies":[{"name":"wp","href":"https:\/\/api.w.org\/{rel}","templated":true}]}}