{"id":6584,"date":"2025-09-17T12:11:22","date_gmt":"2025-09-17T10:11:22","guid":{"rendered":"https:\/\/dev.jfm-audit.com\/epoque-gestion\/_bien\/appartement-familial-4-5-pieces-2\/"},"modified":"2025-09-17T12:11:22","modified_gmt":"2025-09-17T10:11:22","slug":"appartement-familial-4-5-pieces-2","status":"publish","type":"_bien","link":"https:\/\/dev.jfm-audit.com\/epoque-gestion\/_bien\/appartement-familial-4-5-pieces-2\/","title":{"rendered":"Appartement familial 4-5 pi\u00e8ces"},"content":{"rendered":"<p>Sous compromis : Appartement de 4-5 pi\u00e8ces plein sud avec terrasse<br \/>D\u00e9couvrez cet appartement familial de 4-5 pi\u00e8ces, nich\u00e9 au c\u0153ur d&rsquo;un quartier paisible et verdoyant. D&rsquo;une surface de 77 m\u00b2, situ\u00e9 au deuxi\u00e8me \u00e9tage d&rsquo;un immeuble de trois niveaux, il vous offre un cadre de vie tr\u00e8s agr\u00e9able, un bel agencement et magnifique luminosit\u00e9. <br \/>Il se compose d&rsquo;une entr\u00e9e avec rangement, d&rsquo;un double s\u00e9jour de 31m\u00b2 sur terrasse plein sud, d&rsquo;une cuisine \u00e9quip\u00e9e, de 3 chambres, une salle de bains et WC ind\u00e9pendants. Cet appartement est id\u00e9al pour les familles en qu\u00eate de confort et d&rsquo;espace. L&rsquo;appartement, bien que n\u00e9cessitant quelques rafra\u00eechissements, est en bon \u00e9tat g\u00e9n\u00e9ral et dispose de doubles vitrages. Un garage et une cave compl\u00e8tent le bien. <\/p>\n<p>La gare (ligne L pour St Lazare), les commerces et les \u00e9coles sont \u00e0 deux pas ! Acc\u00e8s direct A13\/A86. De nombreuses infrastructures sportives et la for\u00eat \u00e0 proximit\u00e9.<\/p>\n<p>Dans une copropri\u00e9t\u00e9 de 20 lots. Quote-part moyenne du budget pr\u00e9visionnel 1 673 \u20ac\/an. Aucune proc\u00e9dure n&rsquo;est en cours. Classe \u00e9nergie E, Classe climat E Montant estim\u00e9 des d\u00e9penses annuelles d&rsquo;\u00e9nergie pour un usage standard : entre 1700.00 \u20ac et 2350.00 \u20ac sur les ann\u00e9es 2021, 2022 et 2023 (abonnements compris). Les informations sur les risques auxquels ce bien est expos\u00e9 sont disponibles sur le site G\u00e9orisques : georisques.gouv.fr. <\/p>\n<p>Votre conseiller ROMBAUT IMMOBILIER : Val\u00e9rie BARRILLON<br \/>Agent commercial (Entreprise individuelle)<\/p>\n","protected":false},"featured_media":6585,"template":"","_type-de-bien":[58],"_categorie-de-loffre":[59],"_ville":[60],"_chambret":[65],"_piecet":[66],"_exclusivite":[],"class_list":["post-6584","_bien","type-_bien","status-publish","has-post-thumbnail","hentry","_type-de-bien-appartement","_categorie-de-loffre-vente","_ville-la-celle-saint-cloud","_chambret-65","_piecet-66"],"_links":{"self":[{"href":"https:\/\/dev.jfm-audit.com\/epoque-gestion\/wp-json\/wp\/v2\/_bien\/6584","targetHints":{"allow":["GET"]}}],"collection":[{"href":"https:\/\/dev.jfm-audit.com\/epoque-gestion\/wp-json\/wp\/v2\/_bien"}],"about":[{"href":"https:\/\/dev.jfm-audit.com\/epoque-gestion\/wp-json\/wp\/v2\/types\/_bien"}],"wp:featuredmedia":[{"embeddable":true,"href":"https:\/\/dev.jfm-audit.com\/epoque-gestion\/wp-json\/wp\/v2\/media\/6585"}],"wp:attachment":[{"href":"https:\/\/dev.jfm-audit.com\/epoque-gestion\/wp-json\/wp\/v2\/media?parent=6584"}],"wp:term":[{"taxonomy":"_type-de-bien","embeddable":true,"href":"https:\/\/dev.jfm-audit.com\/epoque-gestion\/wp-json\/wp\/v2\/_type-de-bien?post=6584"},{"taxonomy":"_categorie-de-loffre","embeddable":true,"href":"https:\/\/dev.jfm-audit.com\/epoque-gestion\/wp-json\/wp\/v2\/_categorie-de-loffre?post=6584"},{"taxonomy":"_ville","embeddable":true,"href":"https:\/\/dev.jfm-audit.com\/epoque-gestion\/wp-json\/wp\/v2\/_ville?post=6584"},{"taxonomy":"_chambret","embeddable":true,"href":"https:\/\/dev.jfm-audit.com\/epoque-gestion\/wp-json\/wp\/v2\/_chambret?post=6584"},{"taxonomy":"_piecet","embeddable":true,"href":"https:\/\/dev.jfm-audit.com\/epoque-gestion\/wp-json\/wp\/v2\/_piecet?post=6584"},{"taxonomy":"_exclusivite","embeddable":true,"href":"https:\/\/dev.jfm-audit.com\/epoque-gestion\/wp-json\/wp\/v2\/_exclusivite?post=6584"}],"curies":[{"name":"wp","href":"https:\/\/api.w.org\/{rel}","templated":true}]}}