{"id":6595,"date":"2025-09-17T12:11:22","date_gmt":"2025-09-17T10:11:22","guid":{"rendered":"https:\/\/dev.jfm-audit.com\/epoque-gestion\/_bien\/appartement-familial-avec-terrasse\/"},"modified":"2025-09-17T12:11:22","modified_gmt":"2025-09-17T10:11:22","slug":"appartement-familial-avec-terrasse","status":"publish","type":"_bien","link":"https:\/\/dev.jfm-audit.com\/epoque-gestion\/_bien\/appartement-familial-avec-terrasse\/","title":{"rendered":"Appartement familial avec terrasse"},"content":{"rendered":"<p>Appartement de 5 pi\u00e8ces avec terrasse et jardin de 106m\u00b2<\/p>\n<p>Vous serez s\u00e9duit par ce superbe appartement de 127 m\u00b2 situ\u00e9 au 1er \u00e9tage d&rsquo;une r\u00e9sidence de standing nich\u00e9e dans la verdure, au calme, tout en restant \u00e0 proximit\u00e9 des commodit\u00e9s. La terrasse et le jardin paysag\u00e9s, v\u00e9ritables havres de paix, vous invitent \u00e0 profiter des beaux jours en toute tranquillit\u00e9, avec une vue d\u00e9gag\u00e9e et une tr\u00e8s belle exposition Sud-Ouest.<br \/>Id\u00e9al pour une famille ou pour une personne appr\u00e9ciant recevoir, l&rsquo;appartement s&rsquo;organise autour de la terrasse et se compose d&rsquo;une grande entr\u00e9e avec vestiaire et toilettes invit\u00e9s, une tr\u00e8s belle pi\u00e8ce de r\u00e9ception, une salle \u00e0 manger (chambre possible), une cuisine, une buanderie, 3 chambres, 1 salle de bain avec WC, 1 salle de douche avec WC.<br \/>2 garages et une cave compl\u00e8tent le bien. Quelques rafra\u00eechissements sont \u00e0 pr\u00e9voir dans l&rsquo;appartement.<\/p>\n<p>Les commerces et les \u00e9coles sont \u00e0 moins de 10 minutes \u00e0 pied. La gare de la Celle St Cloud (ligne L pour Gare St  Lazare) est \u00e0 15 minutes \u00e0 pied et 5 minutes en bus (ligne 27). La gare RER de Rueil est \u00e9galement facilement accessible en bus directement. Acc\u00e8s direct A13\/A86<\/p>\n<p>N&rsquo;h\u00e9sitez pas \u00e0 nous contacter pour davantage de renseignements ou pour organiser une visite !<\/p>\n<p>Honoraires inclus de  4.62% TTC  \u00e0 la charge de l&rsquo;acqu\u00e9reur. Prix hors honoraires 650 000 \u20ac. Dans une copropri\u00e9t\u00e9 de 149 lots. Quote-part moyenne du budget pr\u00e9visionnel 6 050 \u20ac\/an. Aucune proc\u00e9dure n&rsquo;est en cours. Classe \u00e9nergie D, Classe climat D Montant moyen estim\u00e9 des d\u00e9penses annuelles d&rsquo;\u00e9nergie pour un usage standard, \u00e9tabli \u00e0 partir des prix de l&rsquo;\u00e9nergie de l&rsquo;ann\u00e9e 2023 : entre 1999.00 et 2705.00 \u20ac. Les informations sur les risques auxquels ce bien est expos\u00e9 sont disponibles sur le site G\u00e9orisques : georisques.gouv.fr. <\/p>\n<p>Votre conseiller ROMBAUT IMMOBILIER : Val\u00e9rie BARRILLON<br \/>Agent commercial (Entreprise individuelle)<\/p>\n","protected":false},"featured_media":6596,"template":"","_type-de-bien":[58],"_categorie-de-loffre":[59],"_ville":[60],"_chambret":[65],"_piecet":[66],"_exclusivite":[],"class_list":["post-6595","_bien","type-_bien","status-publish","has-post-thumbnail","hentry","_type-de-bien-appartement","_categorie-de-loffre-vente","_ville-la-celle-saint-cloud","_chambret-65","_piecet-66"],"_links":{"self":[{"href":"https:\/\/dev.jfm-audit.com\/epoque-gestion\/wp-json\/wp\/v2\/_bien\/6595","targetHints":{"allow":["GET"]}}],"collection":[{"href":"https:\/\/dev.jfm-audit.com\/epoque-gestion\/wp-json\/wp\/v2\/_bien"}],"about":[{"href":"https:\/\/dev.jfm-audit.com\/epoque-gestion\/wp-json\/wp\/v2\/types\/_bien"}],"wp:featuredmedia":[{"embeddable":true,"href":"https:\/\/dev.jfm-audit.com\/epoque-gestion\/wp-json\/wp\/v2\/media\/6596"}],"wp:attachment":[{"href":"https:\/\/dev.jfm-audit.com\/epoque-gestion\/wp-json\/wp\/v2\/media?parent=6595"}],"wp:term":[{"taxonomy":"_type-de-bien","embeddable":true,"href":"https:\/\/dev.jfm-audit.com\/epoque-gestion\/wp-json\/wp\/v2\/_type-de-bien?post=6595"},{"taxonomy":"_categorie-de-loffre","embeddable":true,"href":"https:\/\/dev.jfm-audit.com\/epoque-gestion\/wp-json\/wp\/v2\/_categorie-de-loffre?post=6595"},{"taxonomy":"_ville","embeddable":true,"href":"https:\/\/dev.jfm-audit.com\/epoque-gestion\/wp-json\/wp\/v2\/_ville?post=6595"},{"taxonomy":"_chambret","embeddable":true,"href":"https:\/\/dev.jfm-audit.com\/epoque-gestion\/wp-json\/wp\/v2\/_chambret?post=6595"},{"taxonomy":"_piecet","embeddable":true,"href":"https:\/\/dev.jfm-audit.com\/epoque-gestion\/wp-json\/wp\/v2\/_piecet?post=6595"},{"taxonomy":"_exclusivite","embeddable":true,"href":"https:\/\/dev.jfm-audit.com\/epoque-gestion\/wp-json\/wp\/v2\/_exclusivite?post=6595"}],"curies":[{"name":"wp","href":"https:\/\/api.w.org\/{rel}","templated":true}]}}