{"id":6635,"date":"2025-09-17T12:11:22","date_gmt":"2025-09-17T10:11:22","guid":{"rendered":"https:\/\/dev.jfm-audit.com\/epoque-gestion\/_bien\/appartement-4-pieces-lumineux-et-vue-degagee\/"},"modified":"2025-09-17T12:11:22","modified_gmt":"2025-09-17T10:11:22","slug":"appartement-4-pieces-lumineux-et-vue-degagee","status":"publish","type":"_bien","link":"https:\/\/dev.jfm-audit.com\/epoque-gestion\/_bien\/appartement-4-pieces-lumineux-et-vue-degagee\/","title":{"rendered":"Appartement 4 pi\u00e8ces lumineux et vue d\u00e9gag\u00e9e"},"content":{"rendered":"<p>Appartement de 4 pi\u00e8ces lumineux de 87 m2<br \/>Au c\u0153ur d\u2019une r\u00e9sidence calme et arbor\u00e9e avec piscine et tennis, d\u00e9couvrez cet appartement de 87 m\u00b2 situ\u00e9 au 4e \u00e9tage.<br \/>L\u2019entr\u00e9e s\u2019ouvre sur un s\u00e9jour lumineux avec cuisine ouverte \u00e9quip\u00e9e, donnant acc\u00e8s \u00e0 un agr\u00e9able balcon avec vue d\u00e9gag\u00e9e.<br \/>L\u2019espace nuit se compose de trois chambres, dont une avec sa salle de douche privative. Une salle de bain ind\u00e9pendante ainsi qu\u2019un WC ind\u00e9pendant s&rsquo;ajoutent \u00e0 l&rsquo;ensemble. Double vitrage et volets \u00e9lectriques pour toutes les fen\u00e8tres.<br \/>Une cave compl\u00e8te ce bien et une place de parking ext\u00e9rieure en bas de l&rsquo;immeuble est en option \u00e0 15 000\u20ac. <br \/>A deux pas, vous trouverez les commerces et les \u00e9coles (Ecole Morel de Vind\u00e9, Ecole internationale Bilingue, Coll\u00e8ge Pasteur, Lyc\u00e9e Corneille). La gare de la Celle Saint Cloud (ligne L) est \u00e0 seulement 10 minutes en voiture ou en bus (arr\u00eat de bus devant la r\u00e9sidence). La for\u00eat de la Malmaison est \u00e0 quelques minutes \u00e9galement.<br \/>N&rsquo;h\u00e9sitez pas \u00e0 nous contacter pour une visite !<\/p>\n<p>Honoraires inclus de  4.17% TTC  \u00e0 la charge de l&rsquo;acqu\u00e9reur. Prix hors honoraires 316 800 \u20ac. Dans une copropri\u00e9t\u00e9 de 2694 lots. Quote-part moyenne du budget pr\u00e9visionnel 6 400 \u20ac\/an. Aucune proc\u00e9dure n&rsquo;est en cours. Classe \u00e9nergie D, Classe climat D Montant estim\u00e9 des d\u00e9penses annuelles d&rsquo;\u00e9nergie pour un usage standard : entre 1100.00 \u20ac et 1540.00 \u20ac sur les ann\u00e9es 2021, 2022 et 2023 (abonnements compris). Les informations sur les risques auxquels ce bien est expos\u00e9 sont disponibles sur le site G\u00e9orisques : georisques.gouv.fr. <\/p>\n","protected":false},"featured_media":6636,"template":"","_type-de-bien":[58],"_categorie-de-loffre":[59],"_ville":[60],"_chambret":[65],"_piecet":[63],"_exclusivite":[],"class_list":["post-6635","_bien","type-_bien","status-publish","has-post-thumbnail","hentry","_type-de-bien-appartement","_categorie-de-loffre-vente","_ville-la-celle-saint-cloud","_chambret-65","_piecet-63"],"_links":{"self":[{"href":"https:\/\/dev.jfm-audit.com\/epoque-gestion\/wp-json\/wp\/v2\/_bien\/6635","targetHints":{"allow":["GET"]}}],"collection":[{"href":"https:\/\/dev.jfm-audit.com\/epoque-gestion\/wp-json\/wp\/v2\/_bien"}],"about":[{"href":"https:\/\/dev.jfm-audit.com\/epoque-gestion\/wp-json\/wp\/v2\/types\/_bien"}],"wp:featuredmedia":[{"embeddable":true,"href":"https:\/\/dev.jfm-audit.com\/epoque-gestion\/wp-json\/wp\/v2\/media\/6636"}],"wp:attachment":[{"href":"https:\/\/dev.jfm-audit.com\/epoque-gestion\/wp-json\/wp\/v2\/media?parent=6635"}],"wp:term":[{"taxonomy":"_type-de-bien","embeddable":true,"href":"https:\/\/dev.jfm-audit.com\/epoque-gestion\/wp-json\/wp\/v2\/_type-de-bien?post=6635"},{"taxonomy":"_categorie-de-loffre","embeddable":true,"href":"https:\/\/dev.jfm-audit.com\/epoque-gestion\/wp-json\/wp\/v2\/_categorie-de-loffre?post=6635"},{"taxonomy":"_ville","embeddable":true,"href":"https:\/\/dev.jfm-audit.com\/epoque-gestion\/wp-json\/wp\/v2\/_ville?post=6635"},{"taxonomy":"_chambret","embeddable":true,"href":"https:\/\/dev.jfm-audit.com\/epoque-gestion\/wp-json\/wp\/v2\/_chambret?post=6635"},{"taxonomy":"_piecet","embeddable":true,"href":"https:\/\/dev.jfm-audit.com\/epoque-gestion\/wp-json\/wp\/v2\/_piecet?post=6635"},{"taxonomy":"_exclusivite","embeddable":true,"href":"https:\/\/dev.jfm-audit.com\/epoque-gestion\/wp-json\/wp\/v2\/_exclusivite?post=6635"}],"curies":[{"name":"wp","href":"https:\/\/api.w.org\/{rel}","templated":true}]}}